
{"id":18,"date":"2017-06-13T12:44:29","date_gmt":"2017-06-13T10:44:29","guid":{"rendered":"https:\/\/przedszkole23.edu.wroclaw.pl\/?page_id=18"},"modified":"2026-02-16T12:31:28","modified_gmt":"2026-02-16T11:31:28","slug":"aktualnosci","status":"publish","type":"page","link":"https:\/\/przedszkole23.edu.wroclaw.pl\/index.php\/aktualnosci\/","title":{"rendered":"Aktualno\u015bci"},"content":{"rendered":"<div class=\"wpb-content-wrapper\"><p>Poradnia Psychologiczno &#8211; Pedagogiczna nr 9 zaprasza ch\u0119tnych na bezp\u0142atny <strong>kurs kompetencji wychowawczych dla rodzic\u00f3w w oparciu o metod\u0119 Faber i Mazlish<\/strong>.<\/p>\n<p><strong>Oferta skierowana jest do wszystkich os\u00f3b chc\u0105cych\u00a0 poszerzy\u0107 swoje\u00a0 umiej\u0119tno\u015bci rodzicielskie\u00a0\u00a0 i\u00a0 bardziej \u015bwiadomie budowa\u0107 relacje\u00a0 z w\u0142asnymi dzie\u0107mi.<\/strong><\/p>\n<p>Ca\u0142o\u015b\u0107 sk\u0142ada si\u0119 z 12-15 spotka\u0144 odbywaj\u0105cych si\u0119 raz w tygodniu, w g\u0142\u00f3wnej siedzibie poradni<br \/>\nprzy ul. Krakowskiej 102. <u>Pocz\u0105tek spotka\u0144 planujemy na pocz\u0105tek marca 2026r.<\/u><\/p>\n<p>Planujemy stworzy\u0107 dwie grupy:\u00a0\u00a0\u00a0\u00a0\u00a0\u00a0 &#8211; poniedzia\u0142ki godz. 15.00-17.00<\/p>\n<p>&#8211; \u015brody godz. 8.45-10.45<\/p>\n<p><strong>Tematyka poruszana na zaj\u0119ciach to :<\/strong><\/p>\n<p>BUDOWANIE RELACJI DOROS\u0141Y DZIECKO<\/p>\n<ul>\n<li>wyra\u017canie oczekiwa\u0144 i zasad tak, aby by\u0142y przez dziecko respektowane<\/li>\n<li>rozpoznawanie, wyra\u017canie i akceptowanie uczu\u0107<\/li>\n<li>aktywne, wspieraj\u0105ce s\u0142uchanie<\/li>\n<li>motywowanie dziecka do wsp\u00f3\u0142dzia\u0142ania<\/li>\n<li>modyfikowanie niepo\u017c\u0105danych lub nieodpowiednich zachowa\u0144 dziecka<\/li>\n<li>uwalnianie dzieci od grania narzuconych r\u00f3l w domu i szkole<\/li>\n<li>wspieranie procesu usamodzielniania si\u0119 dziecka<\/li>\n<li>budowanie realnego poczucia w\u0142asnej warto\u015bci dziecka<\/li>\n<li>konstruktywne rozwi\u0105zywanie konflikt\u00f3w<\/li>\n<\/ul>\n<p><strong>Kurs prowadz\u0105 :<\/strong><\/p>\n<p>mgr Dorota Urba\u0144czyk \u2013 pedagog; mgr Sylwia Grze\u015blak &#8211; psycholog<\/p>\n<p><strong>Aby zapisa\u0107 si\u0119 na kurs nale\u017cy wype\u0142ni\u0107\u00a0 formularz zg\u0142oszeniowy znajduj\u0105cy si\u0119 na stronie internetowej poradni <\/strong><a href=\"http:\/\/www.ppp9-wroc.pl\/\">www.ppp9-wroc.pl<\/a><strong> <u>(zapisy dnia 18.02.2026)<\/u><\/strong><\/p>\n<p><strong>oraz wskaza\u0107 preferowany termin (poniedzia\u0142ek lub \u015broda). O kwalifikacji na kurs decyduje kolejno\u015b\u0107 zapis\u00f3w. Z uczestnikami skontaktujemy si\u0119 mailowo lub telefonicznie \u2013 w\u00f3wczas podamy termin pierwszego spotkania. Pozosta\u0142e osoby zapraszamy do \u015bledzenia strony internetowej PPP9 oraz konta na Facebook-u <\/strong><a href=\"https:\/\/www.facebook.com\/poradnia9\"><strong>https:\/\/www.facebook.com\/poradnia9<\/strong><\/a><strong> i ponowne zapisanie si\u0119 na kolejn\u0105 edycj\u0119\u00a0 warsztat\u00f3w we wrze\u015bniu 2026.<\/strong><\/p>\n<p><strong>Zapraszamy serdecznie<br \/>\n<\/strong>Dorota Urba\u0144czyk, Sylwia Grze\u015blak<\/p>\n<p>&nbsp;<\/p>\n<p>Wyra\u017cam zgod\u0119 na przetwarzanie moich danych osobowych przez Poradnie Psychologiczno \u2013 Pedagogiczn\u0105 nr 9, ul Krakowska 102, 50-438 Wroc\u0142aw w celu: dokonania zg\u0142oszenia na szkolenie; organizacji uczestnictwa w szkoleniu, przygotowania certyfikatu oraz realizacji czynno\u015bci rozliczeniowych. Zgoda dotyczy danych osobowych zawartych w karcie zg\u0142oszenia: imi\u0119 i nazwisko, nr telefonu, adres e-mail. Wymienione dane osobowe b\u0119d\u0105 przechowywane w formie umo\u017cliwiaj\u0105cej identyfikacj\u0119 osoby, kt\u00f3rej dane dotycz\u0105, przez okres nie d\u0142u\u017cszy, ni\u017c jest to niezb\u0119dne do wskazanych cel\u00f3w, w kt\u00f3rych dane te s\u0105 przetwarzane. Zgod\u0119 mo\u017cna w dowolnym momencie wycofa\u0107. Wycofanie zgody nie wp\u0142ywa na zgodno\u015b\u0107 z prawem przetwarzania, kt\u00f3rego dokonano na podstawie zgody przed jej wycofaniem. Wycofanie zgody jest mo\u017cliwe poprzez przes\u0142anie wiadomo\u015bci e-mail na adres: <a href=\"https:\/\/poczta.wroclawskaedukacja.pl\/owa\/redir.aspx?REF=hGG9rH2U_JbFykERhujcyuYOn3nZgNv5_zUw0_eBBQs-QhNC4rDaCAFtYWlsdG86c2VrcmV\">sekretariat.ppp9@wroclawskaedukacja.pl<\/a>. Brak wyra\u017cenia zgody uniemo\u017cliwi realizacj\u0119 wskazanych w tre\u015bci zgody cel\u00f3w (udzia\u0142 w szkoleniu).<\/p>\n<p>&nbsp;<\/p>\n<p>&nbsp;<\/p>\n<p>&nbsp;<\/p>\n<p><span style=\"font-size: 14pt\"><strong><a href=\"https:\/\/przedszkole23.edu.wroclaw.pl\/wp-content\/uploads\/sites\/32\/2024\/11\/Edukacjawruchu_startujemy_grafika1-1-1-scaled.jpg\"><img loading=\"lazy\" decoding=\"async\" class=\"alignnone wp-image-6563\" src=\"https:\/\/przedszkole23.edu.wroclaw.pl\/wp-content\/uploads\/sites\/32\/2024\/11\/Edukacjawruchu_startujemy_grafika1-1-1-300x169.jpg\" alt=\"\" width=\"330\" height=\"186\" srcset=\"https:\/\/przedszkole23.edu.wroclaw.pl\/wp-content\/uploads\/sites\/32\/2024\/11\/Edukacjawruchu_startujemy_grafika1-1-1-300x169.jpg 300w, https:\/\/przedszkole23.edu.wroclaw.pl\/wp-content\/uploads\/sites\/32\/2024\/11\/Edukacjawruchu_startujemy_grafika1-1-1-1024x576.jpg 1024w, https:\/\/przedszkole23.edu.wroclaw.pl\/wp-content\/uploads\/sites\/32\/2024\/11\/Edukacjawruchu_startujemy_grafika1-1-1-768x432.jpg 768w, https:\/\/przedszkole23.edu.wroclaw.pl\/wp-content\/uploads\/sites\/32\/2024\/11\/Edukacjawruchu_startujemy_grafika1-1-1-1536x864.jpg 1536w, https:\/\/przedszkole23.edu.wroclaw.pl\/wp-content\/uploads\/sites\/32\/2024\/11\/Edukacjawruchu_startujemy_grafika1-1-1-2048x1152.jpg 2048w\" sizes=\"auto, (max-width: 330px) 100vw, 330px\" \/><\/a><\/strong><\/span><\/p>\n<p><span style=\"font-size: 14pt\"><strong><span style=\"font-size: 14pt\">\u00a0Projekt \u201cEdukacja w ruchu\u201d.<\/span><\/strong><\/span><\/p>\n<p><span style=\"font-size: 14pt\">Z rado\u015bci\u0105 informujemy, \u017ce Panie z grup Mali Badacze, Dzwoneczki, S\u00f3wki, Zaczarowane Kredki i Arty\u015bci znalaz\u0142y si\u0119 w\u00a0gronie dwustu nauczycielek i nauczycieli z Wroc\u0142awia, realizuj\u0105cych innowacyjny projekt \u201cEdukacja w ruchu\u201d.<\/span><\/p>\n<p><span style=\"font-size: 14pt\">Dzieci\u00a0 z tych grup bior\u0105 udzia\u0142 w wyzwaniach, kt\u00f3re \u0142\u0105cz\u0105 nauk\u0119 z aktywno\u015bci\u0105 fizyczn\u0105.<\/span><\/p>\n<p><span style=\"font-size: 14pt\">Projekt realizowany jest we wsp\u00f3\u0142pracy z Fundacj\u0105 V4Sport, Akademi\u0105 Wychowania Fizycznego im. Polskich Olimpijczyk\u00f3w we Wroc\u0142awiu oraz Akademi\u0105 Krokieta i Lamy. Inicjatywa finansowana jest ze \u015brodk\u00f3w Gminy Wroc\u0142aw.<\/span><\/p>\n<p>[\/vc_column_text][vc_column_text css=&#8221;&#8221;]<span style=\"font-size: 18pt\">Program Zdrowa Misja.<img loading=\"lazy\" decoding=\"async\" class=\"alignleft\" src=\"https:\/\/przedszkole23.edu.wroclaw.pl\/wp-content\/uploads\/sites\/32\/2024\/10\/IMG_20241031_123333-225x300.jpg\" width=\"324\" height=\"432\" \/><\/span><\/p>\n<p>W naszym przedszkolu realizowany jest program \u00a0<strong>kreatywnej edukacji \u017cywieniowej. <\/strong><\/p>\n<p>ZDROWA MISJA to projekt edukacyjny finansowany przez\u00a0<strong>Gmin\u0119 Wroc\u0142aw.<\/strong><\/p>\n<p>Celem programu jest promocja zdrowego stylu \u017cycia w\u015br\u00f3d dzieci i m\u0142odzie\u017cy oraz przeciwdzia\u0142anie zagro\u017ceniom zdrowotnym spowodowanym nieodpowiedni\u0105 diet\u0105 oraz\u00a0 brakiem ruchu. Uczestnicy projektu poprzez udzia\u0142<br \/>\nw proponowanych aktywno\u015bciach dowiedz\u0105 si\u0119, jak podejmowa\u0107 \u015bwiadome decyzje \u017cywieniowe oraz, \u017ce jedzenie mo\u017ce by\u0107 \u017ar\u00f3d\u0142em zdrowia, ale przede wszystkim wyrobi\u0105 w sobie nawyki zwi\u0105zane ze zdrowym stylem \u017cycia.<\/p>\n<p>Projekt skierowany jest do plac\u00f3wek edukacyjnych nale\u017c\u0105cych do\u00a0 \u00a0Programu Wroc\u0142awskiej Sieci Przedszkoli i Szk\u00f3\u0142 Promuj\u0105cych Zdrowie.<\/p>\n<p>&nbsp;<\/p>\n<p><a href=\"https:\/\/zdrowamisja.pl\/\">https:\/\/zdrowamisja.pl\/<\/a>[\/vc_column_text][vc_column_text css=&#8221;&#8221;]<span style=\"font-size: 12pt\"><strong><a href=\"https:\/\/przedszkole23.edu.wroclaw.pl\/wp-content\/uploads\/sites\/32\/2022\/04\/Wyrozniajacy-Odlacz-sie.png\"><img loading=\"lazy\" decoding=\"async\" class=\"alignnone wp-image-4926\" src=\"https:\/\/przedszkole23.edu.wroclaw.pl\/wp-content\/uploads\/sites\/32\/2022\/04\/Wyrozniajacy-Odlacz-sie-300x129.png\" alt=\"\" width=\"583\" height=\"251\" srcset=\"https:\/\/przedszkole23.edu.wroclaw.pl\/wp-content\/uploads\/sites\/32\/2022\/04\/Wyrozniajacy-Odlacz-sie-300x129.png 300w, https:\/\/przedszkole23.edu.wroclaw.pl\/wp-content\/uploads\/sites\/32\/2022\/04\/Wyrozniajacy-Odlacz-sie-768x329.png 768w, https:\/\/przedszkole23.edu.wroclaw.pl\/wp-content\/uploads\/sites\/32\/2022\/04\/Wyrozniajacy-Odlacz-sie-600x257.png 600w, https:\/\/przedszkole23.edu.wroclaw.pl\/wp-content\/uploads\/sites\/32\/2022\/04\/Wyrozniajacy-Odlacz-sie.png 949w\" sizes=\"auto, (max-width: 583px) 100vw, 583px\" \/><\/a><\/strong><\/span><\/p>\n<p><span style=\"font-size: 14pt\"><strong>Program Re@lnie Odpowiedzialni\u00a0<\/strong><\/span><\/p>\n<p>Drodzy Rodzice przypominamy, \u017ce nasze Przedszkole bierze udzia\u0142 w og\u00f3lnopolskiej\u00a0 \u00a0Kampanii \u201cOd\u0142\u0105cz si\u0119 \u2013 Po\u0142\u0105cz si\u0119\u201d .Zapraszamy i zach\u0119camy wszystkich rodzic\u00f3w do poszerzania wiedzy, budzenia \u015bwiadomo\u015bci i uwa\u017cno\u015bci na to, jak najm\u0142odsi korzystaj\u0105 z ekran\u00f3w. \u015awiadomy doros\u0142y to bezpieczne dziecko. Zach\u0119camy do odwiedzenia strony internetowej oraz zapoznania si\u0119 z zamieszczonymi materia\u0142ami.<\/p>\n<p><a href=\"https:\/\/odlaczsie-polaczsie.pl\/relnie-odpowiedzialni\/\">RE@LNIE ODPOWIEDZIALNI &#8211; Od\u0142\u0105cz si\u0119 &#8211; po\u0142\u0105cz si\u0119 (odlaczsie-polaczsie.pl)<\/a><\/p>\n<p><a href=\"https:\/\/przedszkole23.edu.wroclaw.pl\/wp-content\/uploads\/sites\/32\/2023\/03\/Notatki-wizualne-programu.pdf\">Notatki wizualne programu<\/a><\/p>\n<p><a href=\"https:\/\/przedszkole23.edu.wroclaw.pl\/wp-content\/uploads\/sites\/32\/2023\/03\/Uspij-ekrany-obudz-swiadomosc.pdf\">Uspij ekrany- obud\u017a \u015bwiadomo\u015b\u0107<\/a>[\/vc_column_text][vc_masonry_grid post_type=&#8221;post&#8221; max_items=&#8221;-1&#8243; style=&#8221;load-more&#8221; items_per_page=&#8221;4&#8243; element_width=&#8221;12&#8243; item=&#8221;masonryGrid_WithSideContent&#8221; btn_title=&#8221;Zobacz wi\u0119cej&#8221; grid_id=&#8221;vc_gid:1771241230237-29f5b80d-d73c-0&#8243; taxonomies=&#8221;3&#8243;][\/vc_column][\/vc_row]<\/p>\n<\/div>","protected":false},"excerpt":{"rendered":"<p>Poradnia Psychologiczno &#8211; Pedagogiczna nr 9 zaprasza ch\u0119tnych na bezp\u0142atny kurs kompetencji wychowawczych dla rodzic\u00f3w w oparciu o metod\u0119 Faber i Mazlish. Oferta skierowana jest do wszystkich os\u00f3b chc\u0105cych\u00a0 poszerzy\u0107 [&hellip;]<\/p>\n","protected":false},"author":15,"featured_media":0,"parent":0,"menu_order":0,"comment_status":"closed","ping_status":"closed","template":"","meta":{"footnotes":""},"class_list":["post-18","page","type-page","status-publish","hentry","clearfix"],"_links":{"self":[{"href":"https:\/\/przedszkole23.edu.wroclaw.pl\/index.php\/wp-json\/wp\/v2\/pages\/18","targetHints":{"allow":["GET"]}}],"collection":[{"href":"https:\/\/przedszkole23.edu.wroclaw.pl\/index.php\/wp-json\/wp\/v2\/pages"}],"about":[{"href":"https:\/\/przedszkole23.edu.wroclaw.pl\/index.php\/wp-json\/wp\/v2\/types\/page"}],"author":[{"embeddable":true,"href":"https:\/\/przedszkole23.edu.wroclaw.pl\/index.php\/wp-json\/wp\/v2\/users\/15"}],"replies":[{"embeddable":true,"href":"https:\/\/przedszkole23.edu.wroclaw.pl\/index.php\/wp-json\/wp\/v2\/comments?post=18"}],"version-history":[{"count":35,"href":"https:\/\/przedszkole23.edu.wroclaw.pl\/index.php\/wp-json\/wp\/v2\/pages\/18\/revisions"}],"predecessor-version":[{"id":7125,"href":"https:\/\/przedszkole23.edu.wroclaw.pl\/index.php\/wp-json\/wp\/v2\/pages\/18\/revisions\/7125"}],"wp:attachment":[{"href":"https:\/\/przedszkole23.edu.wroclaw.pl\/index.php\/wp-json\/wp\/v2\/media?parent=18"}],"curies":[{"name":"wp","href":"https:\/\/api.w.org\/{rel}","templated":true}]}}